{"version":"1.0","provider_name":"Foci a k\u00f6b\u00f6n","provider_url":"https:\/\/fociakobon.cafeblog.hu","author_name":"Horv\u00e1th M. Attila","author_url":"https:\/\/fociakobon.cafeblog.hu\/author\/horvath_m_attila\/","title":"T\u00f3th D\u00e1vid g\u00f3llal t\u00e9rt vissza","html":"<p><strong><span style=\"color: #800000\"><img class=\"alignleft size-full wp-image-17229\" src=\"https:\/\/fociakobon.cafeblog.hu\/files\/2017\/11\/tothdavid.jpg\" alt=\"\" width=\"300\" height=\"225\" \/>R\u00c1CKEVE\u2013\u00d6RK\u00c9NY 3\u20137 \u00bb<\/span> Az el\u0151z\u0151 \u00e9vadban csapata, a Pest megyei II. oszt\u00e1ly D\u00e9li csoportj\u00e1ban 57 ponttal az 5. helyen z\u00e1r\u00f3 R\u00e1ckeve VAFC egyik legjobbja volt T\u00f3th D\u00e1vid, aki j\u00faliusban s\u00falyos s\u00e9r\u00fcl\u00e9st szenvedett. Okt\u00f3ber utols\u00f3 h\u00e9tv\u00e9g\u00e9j\u00e9n elj\u00f6tt a visszat\u00e9r\u00e9s ideje.<\/strong><!--more--><\/p>\r\n<p><a href=\"https:\/\/fociakobon.cafeblog.hu\/2017\/07\/26\/kulcsjatekos-kulcscsonttores\/\" target=\"_blank\" rel=\"noopener noreferrer\">A 24 esztend\u0151s futballista kulcscsontja ny\u00e1ron edz\u00e9sen t\u00f6r\u00f6tt el, <\/a>\u00edgy j\u00f3 n\u00e9h\u00e1ny h\u00f3napig a lel\u00e1t\u00f3ra k\u00e9nyszer\u00fclt. A 11. fordul\u00f3ban, az imm\u00e1r Nagy Zsolt \u00e1ltal tren\u00edrozott \u00d6rk\u00e9ny elleni hazai bajnoki 50. perc\u00e9ben v\u00e1ltotta F\u00f6ldi Rolandot, majd <strong>T\u00f3th D\u00e1vid<\/strong> a 88. minutumban kialak\u00edtotta a v\u00e9geredm\u00e9nyt, miut\u00e1n egy az egyben kil\u00e9pett, majd a tizenhatoson bel\u00fclre \u00e9rve a kapus f\u00f6l\u00f6tt \u00e1temelte a labd\u00e1t, ami a h\u00e1l\u00f3ban k\u00f6t\u00f6tt ki. A m\u00e9g kor\u00e1ntsem sz\u00e1zsz\u00e1zal\u00e9kos \u00e1llapotnak \u00f6rvend\u0151 labdar\u00fag\u00f3 \u00f6r\u00f6me azonban nem lehetett teljes, l\u00e9v\u00e9n n\u00e9mi meglepet\u00e9sre az \u00d6rk\u00e9ny 7\u20133-as gy\u0151zelmet aratott.<\/p>","type":"rich","thumbnail_url":"https:\/\/fociakobon.cafeblog.hu\/files\/2017\/11\/tothdavid-150x150.jpg","thumbnail_width":150,"thumbnail_height":150}