{"version":"1.0","provider_name":"Foci a k\u00f6b\u00f6n","provider_url":"https:\/\/fociakobon.cafeblog.hu","author_name":"Horv\u00e1th M. Attila","author_url":"https:\/\/fociakobon.cafeblog.hu\/author\/horvath_m_attila\/","title":"Futball, n\u00e9z\u0151, pont","html":"<p><em><img class=\"alignleft size-large wp-image-10553\" src=\"https:\/\/fociakobon.cafeblog.hu\/files\/2016\/04\/tejeskave_alap_jo-600x450.jpg\" alt=\"tejeskave_alap_jo\" width=\"600\" height=\"450\" \/>A futball a sz\u00f3rakoztat\u00f3ipar r\u00e9sze, avagy a n\u00e9z\u0151k\u00e9rt van. J\u00f3l hangz\u00f3 mondat, k\u00e1r, hogy n\u00e9h\u00e1ny kir\u00edv\u00f3 esetben mindez csak elvben l\u00e9tezik. <\/em><!--more--> <em>\u00c1prilis 9-\u00e9n, szombaton az NB III, K\u00f6z\u00e9p-csoportj\u00e1ban a Dunaharaszti MTK a Gyulai Term\u00e1l otthon\u00e1ban vizit\u00e1lt. A d\u00e9lut\u00e1n f\u00e9l \u00f6tkor kezd\u0151d\u0151 bajnokival egy id\u0151ben a Szeged 2011-Grosics Akad\u00e9mia gyakorlatilag ugyanitt, egy k\u0151haj\u00edt\u00e1snyira fogadta a Buda\u00f6rs egy\u00fcttes\u00e9t NB II-es tal\u00e1lkoz\u00f3n. Ismerve a vend\u00e9gcsapat szakvezet\u0151j\u00e9t, Kr\u00f3ner P\u00e9tert, no meg n\u00e9h\u00e1ny DMTK-labdar\u00fag\u00f3t, biztosra veszem, ha az NB III-as \u00f6sszecsap\u00e1s mondjuk, 14 \u00f3rakor veszi kezdet\u00e9t, j\u00f3 n\u00e9h\u00e1nyan ottmaradnak \u00e9s megtekintik a m\u00e1sodoszt\u00e1ly\u00fa derbit, nem sz\u00f3lva azokr\u00f3l, akik a harmadik vonalbeli tal\u00e1lkoz\u00f3ra voltak k\u00edv\u00e1ncsiak, alighanem megn\u00e9zt\u00e9k volna mindk\u00e9t meccset. M\u00e1jus els\u0151 napj\u00e1n k\u00eds\u00e9rtetiesen hasonl\u00f3 eset fordult el\u0151, \u00e9spedig egy klubn\u00e1l. A Ferencv\u00e1ros n\u0151i \u00e9s NB III-as csapata is vezeti saj\u00e1t bajnoks\u00e1g\u00e1t, r\u00e1ad\u00e1sul D\u00f6rnyei Bal\u00e1zs, valamint Lipcsei P\u00e9ter csapata is eur\u00f3pai felfog\u00e1sban, sz\u00f3rakoztat\u00f3an, g\u00f3lra t\u00f6r\u0151en futballozik, \u00e1m m\u00edg el\u0151bbi a Bihari \u00faton 18.00-kor fogadta a m\u00e1sodik helyezett MTK-t, addig ut\u00f3bbi egy \u00f3r\u00e1val el\u0151bb meccselt a Kismartoni \u00faton a feljut\u00e1s\u00e9rt, az \u201e\u00e9let\u00e9\u00e9rt\u201d k\u00fczd\u0151 gy\u0151ri ETO-val. Meggy\u0151z\u0151d\u00e9sem, hogy optim\u00e1lis megold\u00e1ssal \u2013 mondjuk 15, illetve 18 \u00f3rai kezd\u00e9ssel \u2013 a Fradi-szurkol\u00f3k nem oszt\u00f3dtak volna, hanem adott esetben mindk\u00e9t FTC-rangad\u00f3ra kil\u00e1togatnak. Az a k\u00e9rd\u00e9s, mi a c\u00e9l? Ha nem az, hogy egym\u00e1s k\u00f6z\u00f6tt, maguknak focizgassanak, hanem a publikum\u00e9rt, a k\u00f6z\u00f6ns\u00e9gnek futballozzanak, akkor bizony az elm\u00falt id\u0151szak esem\u00e9nyeit eln\u00e9zve nem is olyan egy\u00e9rtelm\u0171 a v\u00e1lasz.<\/em>","type":"rich","thumbnail_url":"https:\/\/fociakobon.cafeblog.hu\/files\/2016\/04\/tejeskave_alap_jo-150x150.jpg","thumbnail_width":150,"thumbnail_height":150}