{"version":"1.0","provider_name":"Foci a k\u00f6b\u00f6n","provider_url":"https:\/\/fociakobon.cafeblog.hu","author_name":"Horv\u00e1th M. Attila","author_url":"https:\/\/fociakobon.cafeblog.hu\/author\/horvath_m_attila\/","title":"EDZ\u0150SORS. Kecskem\u00e9ti J\u00f3zsef (Cegl\u00e9di Vasutas): \u201eHa nem l\u00e1ttam volna szemernyi rem\u00e9nyt sem, nem v\u00e1llalom\u201d","html":"<p><strong><img class=\"alignleft size-large wp-image-4441\" src=\"https:\/\/fociakobon.cafeblog.hu\/files\/2015\/05\/kecskemeti_jozsef_cegled_4-600x450.jpg\" alt=\"kecskemeti_jozsef_cegled_4\" width=\"600\" height=\"450\" \/><a href=\"https:\/\/fociakobon.cafeblog.hu\/2015\/04\/27\/cegledi-vasutas-helyzetben-szabo-istvant-kecskemeti-jozsef-valtotta-a-kispadon\/\" target=\"_blank\">Amint arr\u00f3l r\u00f6viden m\u00e1r besz\u00e1moltunk<\/a>, \u00e1prilis 27-\u00e9n, h\u00e9tf\u0151n v\u00e1lt\u00e1s t\u00f6rt\u00e9nt az NB II-ben a bentmarad\u00e1s\u00e9rt k\u00fczd\u0151 Cegl\u00e9di Vasutas kispadj\u00e1n. P\u00e9nteken <a href=\"https:\/\/fociakobon.cafeblog.hu\/2015\/05\/08\/edzosors-szabo-istvan-aki-tavozott-cegledrol-velem-illetve-a-stabommal-is-sikerult-volna-a-bentmaradas\/\" target=\"_blank\">a t\u00e1voz\u00f3 tr\u00e9nerrel, Szab\u00f3 Istv\u00e1nnal k\u00f6z\u00f6lt\u00fcnk besz\u00e9lget\u00e9st<\/a>, m\u00edg most az \u00faj edz\u0151vel, Kecskem\u00e9ti J\u00f3zseffel olvashatnak interj\u00fat.<\/strong><!--more--><\/p>\r\n<p>Nagyot l\u00e9pett a rangl\u00e9tr\u00e1n. Kecskem\u00e9ti J\u00f3zsef, a Cegl\u00e9di VSE kor\u00e1bbi meghat\u00e1roz\u00f3 futballist\u00e1ja \u00e9s p\u00e1lyaedz\u0151je, az U21-es g\u00e1rda tr\u00e9nere ir\u00e1ny\u00edt\u00e1s\u00e1val k\u00e9sz\u00fclhet a Vasutas, \u00e9spedig az oszt\u00e1lyv\u00e1lt\u00e1s elker\u00fcl\u00e9s\u00e9re.<br \/><strong>\u2013 \u00c9lete legnagyobb kih\u00edv\u00e1sa el\u0151tt \u00e1ll?<\/strong><br \/>\u2013 Mivel a realit\u00e1s talaj\u00e1n j\u00e1r\u00f3 embernek tartom magam, ez val\u00f3ban \u00edgy van <em>\u2013 felelte <strong>Kecskem\u00e9ti J\u00f3zsef<\/strong>, a Cegl\u00e9di Vasutas megb\u00edzott edz\u0151je.<\/em> \u2013 A mai vil\u00e1gban egy egyszer\u0171 vid\u00e9ki, cegl\u00e9di gyereknek neh\u00e9z ann\u00e1l komolyabb, nagyobb feladatot adni, mint a saj\u00e1t v\u00e1ros\u00e1ban vezet\u0151edz\u0151nek lenni \u00e9s bent tartani a csapatot a m\u00e1sodoszt\u00e1lyban.<br \/><strong>\u2013 Sokat t\u00f6prengett, amikor sz\u00f3ba ker\u00fclt a lehet\u0151s\u00e9g?<\/strong><br \/>\u2013 Egy\u00e9rtelm\u0171 volt. Megmondom \u0151szint\u00e9n, k\u00f6r\u00fclbel\u00fcl f\u00e9l percig tartott a gondolkod\u00e1s, egyb\u0151l mondtam, hogy igen. \u00dcgyvezet\u0151nk, V\u00e1nyi Zsolt h\u00edvott vas\u00e1rnap este, \u00e9s h\u00e9tf\u0151 d\u00e9lel\u0151tt m\u00e1r \u00e9n tartottam az edz\u00e9st.<br \/><strong>\u2013 Egyeztetett az el\u0151dj\u00e9vel, Szab\u00f3 Istv\u00e1nnal?<\/strong><br \/>\u2013 Hogy is fogalmazzak, nem volt r\u00e1 sz\u00fcks\u00e9g, ez a legtiszt\u00e1bb, ha \u00edgy mondom. Egyr\u00e9szt ismertem a j\u00e1t\u00e9kosokat, l\u00e1ttam j\u00f3 n\u00e9h\u00e1ny meccs\u00fcket az id\u00e9n, illetve a saj\u00e1t p\u00e9ld\u00e1mb\u00f3l kiindulva el tudom k\u00e9pzelni, a tavaly ny\u00e1ri esem\u00e9nyeket figyelembe v\u00e9ve, milyen \u00e9rz\u00e9s az, ha valakinek egyik pillanatr\u00f3l a m\u00e1sikra azt mondj\u00e1k, hogy k\u00f6sz\u00f6nj\u00fck, nem. Nemhogy a k\u00f6vetkez\u0151 edz\u0151vel, aki a hely\u00e9re j\u00f6n, m\u00e9g a legjobb bar\u00e1taival sem sz\u00edvesen besz\u00e9lget ilyenkor az ember.<br \/><strong>\u2013 Neh\u00e9z az \u00e1t\u00e1ll\u00e1s? Hiszen \u00e9vtizedek \u00f3ta a Cegl\u00e9di Vasutas sikerei\u00e9rt dolgozik, m\u00e1rpedig egy m\u00e1sodedz\u0151vel nyilv\u00e1n k\u00f6zvetlenebbek a j\u00e1t\u00e9kosok, bar\u00e1tibb a viszony, aminek meg kell fordulnia, l\u00e9v\u00e9n a h\u00e1t\u00e1t \u00f6n tartja az eredm\u00e9nyek\u00e9rt.<\/strong><br \/>\u2013 Mindig az az edz\u0151t\u00edpus \u00e1llt k\u00f6zelebb hozz\u00e1m, aki nem bar\u00e1ti, csak bar\u00e1tibb viszonyokat alak\u00edtott ki a csapaton bel\u00fcl a j\u00e1t\u00e9kosokkal vagy a st\u00e1btagokkal. Legink\u00e1bb ez \u00e1ll k\u00f6zel hozz\u00e1m, mert azt szeretem, ha \u00fagy j\u00f6n a j\u00e1t\u00e9kos az edz\u00e9sre, ahogy anno \u00e9n. Ut\u00e1ltam \u00fagy menni, hogy nincs kedvem, l\u00f3g\u00f3 orral bandukolva. Azt szeretem, ha a sr\u00e1cok vid\u00e1mak \u00e9s j\u00f3 a hangulat. Term\u00e9szetesen, ha munka van, ugyan\u00fagy megk\u00f6vetelem a fegyelmet, az odafigyel\u00e9st, de \u0151k tudj\u00e1k a legjobban a habitusomb\u00f3l ad\u00f3d\u00f3an, hogy minden h\u00fclyes\u00e9gben benne vagyok. \u00c1m ha mel\u00f3 van, akkor k\u0151kem\u00e9ny mel\u00f3 van!<br \/><strong>\u2013 \u00c9s nem kicsi gond. De ink\u00e1bb megk\u00e9rdem: nagy a baj?<\/strong><br \/>\u2013 Mondhatom, hogy igen, mert 2007\/2008-ban nyert\u00fck meg a bajnoks\u00e1got az NB III-ban, azt\u00e1n egy \u00e9v\u00fcnk volt, ami sim\u00e1n alakult az NB II-ben, hiszen mindig k\u00fczdeni kellett a bentmarad\u00e1s\u00e9rt, \u00e1m eddig h\u00e1la a J\u00f3istennek, siker\u00fclt. Most is a saj\u00e1t kez\u00fcnkben van a sorsunk, de figyeln\u00fcnk kell a t\u00f6bbiek eredm\u00e9nyeit is. Nagyon neh\u00e9z, embert pr\u00f3b\u00e1l\u00f3 a feladat, \u00e1m ha nem l\u00e1ttam volna szemernyi rem\u00e9nyt sem, nem v\u00e1llalom. De mivel pozit\u00edv vagyok, azt mondom, meg fogjuk oldani.<br \/><strong>\u2013 Ink\u00e1bb most legyen pozit\u00edv, mint egy HIV-sz\u0171r\u00e9s ut\u00e1n...<\/strong><br \/>\u2013 Ez j\u00f3 \u00e9s adom is, de l\u00e1tom, olvasom, hiszen nyitott szemmel j\u00e1rok a vil\u00e1gban, a legfontosabb az, hogy pozit\u00edvan \u00e1lljunk hozz\u00e1 a dolgokhoz. Annak semmi \u00e9rtelme, hogy visszafel\u00e9 tekintget\u00fcnk, net\u00e1n felhozzuk a negat\u00edvumokat. A j\u00e1t\u00e9kosok l\u00e1b\u00e1r\u00f3l le kell venni a g\u00f6rcs\u00f6t, a v\u00e1llukr\u00f3l a terhet, \u00e9s elhitetni vel\u00fck, hogy enn\u00e9l sokkal t\u00f6bbre k\u00e9pesek.<br \/><strong>\u2013 Tavaly nagyj\u00e1b\u00f3l ilyenkor a F\u00e1y utc\u00e1ban j\u00e1rtak, miut\u00e1n edz\u0151t v\u00e1ltott a Cegl\u00e9d, most \u00fajra \u00fagy mehettek az Illovszky Rudolf Stadionba, a Vasas elleni bajnokira.<\/strong><br \/>\u2013 Azt mondj\u00e1k, el\u0151bb vagy ut\u00f3bb visszak\u00f6sz\u00f6nnek a dolgok, \u00e9s ez most telital\u00e1lat. \u00c1lmomban sem gondoltam volna, hogy tavaly ott \u00fcl\u00f6k a kispadon \u00fagy, hogy Szab\u00f3 Istv\u00e1n a vezet\u0151edz\u0151, mivel el\u0151tte v\u00e1ltott\u00e1k le Kiss L\u00e1szl\u00f3t, m\u00edg most megint ment\u00fcnk, ism\u00e9t tr\u00e9nerv\u00e1lt\u00e1s ut\u00e1n. J\u00e1tszadozik vel\u00fcnk a sors, ha lehet \u00edgy fogalmazni.<br \/><strong>\u2013 A Cegl\u00e9d U21-es egylet\u00e9t ir\u00e1ny\u00edtotta \u00e9s a megyei m\u00e1sodik vonalban szerepl\u0151 Albertirsa j\u00e1t\u00e9kosa volt. Helyt\u00e1ll\u00f3 a m\u00falt id\u0151 haszn\u00e1lata?<\/strong><br \/>\u2013 Konkr\u00e9tan az Albertirsa eset\u00e9ben abszol\u00fat, a saj\u00e1t p\u00e1lyafut\u00e1somnak \u00fagy n\u00e9z ki, v\u00e9ge. Am\u00fagy is azt terveztem el 25 esztend\u0151vel ezel\u0151tt Korp\u00e1csi Zolt\u00e1n bar\u00e1tommal, hogy 40 \u00e9ves korunkig focizunk. Nekem az k\u00e9t h\u00e9t, am\u00fagy is lej\u00e1rt volna ez a hat\u00e1rid\u0151. Az U21-n\u00e9l pedig \u00fagy b\u00facs\u00faztam el a fi\u00fakt\u00f3l \u00e9s adtam \u00e1t a csapatot az ut\u00f3domnak, kiv\u00e1l\u00f3 edz\u0151koll\u00e9g\u00e1mnak, Vir\u00e1gh Ferencnek, hogy a ny\u00e1ron visszat\u00e9rek. M\u00falt szerd\u00e1n 4\u20131-re nyertek hazai p\u00e1ly\u00e1n a fi\u00fak a Balassagyarmat ellen, amit nagy boldogs\u00e1g volt l\u00e1tni. A k\u00f6vetkez\u0151 szezont\u00f3l, ha minden igaz, \u00fajra U19 lesz, \u00e9s mivel nincs A-licencem, nem tudom folytatni vezet\u0151edz\u0151k\u00e9nt, \u00edgy mindenk\u00e9ppen a gyermekekn\u00e9l k\u00e9pzelem el a j\u00f6v\u0151met. Rem\u00e9lem, el\u00e9rik a kit\u0171z\u00f6tt c\u00e9lt, ami a dobog\u00f3 b\u00e1rmelyik fok\u00e1t jelenti.<br \/><strong>\u2013 Rengeteg j\u00f3k\u00edv\u00e1ns\u00e1got kapott, ismer\u0151s\u00f6k \u00e9s ismeretlenek is k\u00f6sz\u00f6nt\u00f6tt\u00e9k kinevez\u00e9se alkalm\u00e1b\u00f3l.<\/strong> <br \/>\u2013 A tized\u00e9t nem gondoltam volna, hogy ennyien figyelik a p\u00e1lyafut\u00e1somat. A cegl\u00e9di labdar\u00fag\u00e1st csak-csak, de hogy az \u00e9n karrieremmel ennyire tiszt\u00e1ban vannak, azt nem hittem volna. Annyi mag\u00e1n\u00fczenetet kaptam, hogy csak na. Volt olyan nap, amikor k\u00e9tszer lemer\u00fclt a telefonom, annyit kellett haszn\u00e1lnom. Amikor megtartottam az utols\u00f3 edz\u00e9st az U21-nek \u00e9s \u00fajra a k\u00e9sz\u00fcl\u00e9k k\u00f6zel\u00e9be ker\u00fcltem, 57 nem fogadott h\u00edv\u00e1som volt. Ez\u00faton is k\u00f6sz\u00f6n\u00f6m a vezet\u0151k bizalm\u00e1t, nagyon rem\u00e9lem, hogy a cegl\u00e9di szurkol\u00f3knak, k\u00f6zt\u00fck P\u00e1kozdi Ben\u0151 bar\u00e1tomnak nagy boldogs\u00e1got tudunk okozni azzal, hogy kiharcoljuk a bentmarad\u00e1st. Az utc\u00e1n meg\u00e1ll\u00edtanak, ami m\u00e1skor \u00f6tperces bicikli\u00fat a p\u00e1ly\u00e1ra \u2013 miut\u00e1n ker\u00e9kp\u00e1rral k\u00f6zlekedem, l\u00e9v\u00e9n Cegl\u00e9d kisv\u00e1ros \u00e9s b\u00e1rhov\u00e1 oda lehet \u00e9rni vele \u2013, az most 15-20 percig tart. Ebb\u0151l az j\u00f6n le, hogy im\u00e1dj\u00e1k a futballt, illetve nagyon b\u00edzom abban, mindez t\u00fckr\u00f6z\u0151dni fog a hazai bajnokijainkon, \u00e9s remek hangulat\u00fa, n\u00e9z\u0151cs\u00facsot d\u00f6nt\u00f6get\u0151 m\u00e9rk\u0151z\u00e9seken bebiztos\u00edtjuk, hogy j\u00f6v\u0151re is m\u00e1sodoszt\u00e1ly\u00fa meccsek legyenek a Malomt\u00f3 sz\u00e9len.<\/p>\r\n<p><em>A fenti interj\u00fa megjelent a Sportszelet 20. lapsz\u00e1m\u00e1ban. A Cegl\u00e9di Vasutas egy hete a Vasas otthon\u00e1ban kapott ki 4\u20131-re, m\u00edg ma d\u00e9lut\u00e1n hazai k\u00f6rnyezetben a Balmaz\u00fajv\u00e1rost\u00f3l szenvedett 4\u20130-s veres\u00e9get.<\/em><\/p>","type":"rich","thumbnail_url":"https:\/\/fociakobon.cafeblog.hu\/files\/2015\/05\/kecskemeti_jozsef_cegled_4-150x150.jpg","thumbnail_width":150,"thumbnail_height":150}